{"id":273,"date":"2025-03-24T09:44:01","date_gmt":"2025-03-24T09:44:01","guid":{"rendered":"https:\/\/sozial-psychiatrische-spitex.ch\/?page_id=273"},"modified":"2025-03-26T10:28:19","modified_gmt":"2025-03-26T10:28:19","slug":"datenschutzerklaerung-2","status":"publish","type":"page","link":"https:\/\/sozial-psychiatrische-spitex.ch\/?page_id=273","title":{"rendered":"Datenschutzerkl\u00e4rung"},"content":{"rendered":"\n<p>Version vom 25.03.2025<\/p>\n\n\n\n<p>In dieser Datenschutzerkl\u00e4rung erl\u00e4utern wir, die <strong><strong>sozial-psychiatrischen Spitex GmbH<\/strong><\/strong> (nachfolgend, <strong>wir<\/strong> oder <b>uns<\/b>), wie wir Personendaten erheben und sonst bearbeiten. Das ist keine abschliessende Beschreibung; allenfalls regeln andere Datenschutzerkl\u00e4rungen [oder allgemeine Gesch\u00e4ftsbedingungen, Teilnahmebedingungen und \u00e4hnliche Dokumente] spezifische Sachverhalte. Unter Personendaten werden alle Angaben verstanden, die sich auf eine bestimmte oder bestimmbare Person beziehen.<\/p>\n\n\n\n<p>Wenn Sie uns Personendaten anderer\n            Personen (z.B. Familienmitglieder, Daten von Arbeitskollegen) zur\n            Verf\u00fcgung stellen, stellen Sie bitte sicher, dass diese Personen die\n            vorliegende Datenschutzerkl\u00e4rung kennen und teilen Sie uns deren\n            Personendaten nur mit, wenn Sie dies d\u00fcrfen und wenn diese\n            Personendaten korrekt sind. \n         <\/p>\n\n\n\n<p>Diese Datenschutzerkl\u00e4rung ist auf die\n            Anforderungen der EU-Datenschutz-Grundverordnung (\u00ab<b>DSGVO<\/b>\u00bb),\n            das Schweizer Datenschutzgesetz (\u00ab<b>DSG<\/b>\u00bb) und das revidierte\n            Schweizer Datenschutzgesetz (\u00ab<b>revDSG<\/b>\u00bb) ausgelegt. Ob und\n            inwieweit diese Gesetze anwendbar sind, h\u00e4ngt jedoch vom Einzelfall\n            ab.\n         <\/p>\n\n\n\n<h2 class=\"wp-block-heading\" id=\"inhaltsverzeichnis\"> Inhaltsverzeichnis <\/h2>\n\n\n\n<ol class=\"wp-block-list\">\n<li> <a href=\"#chapter-1\">Verantwortlicher \/ Datenschutzbeauftrager \/Vertreter <\/a><\/li>\n\n\n\n<li> <a href=\"#chapter-2\">Zwecke der Datenbearbeitung und Rechtsgrundlagen<\/a><\/li>\n\n\n\n<li> <a href=\"#chapter-3\">Erhebung und Bearbeitung von Personendaten <\/a><\/li>\n\n\n\n<li> <a href=\"#chapter-4\">Cookies \/ Tracking und andere Technologien im Zusammenhang mit der Nutzung unserer Website<\/a><\/li>\n\n\n\n<li> <a href=\"#chapter-5\">Datenweitergabe und Daten\u00fcbermittlung ins Ausland<\/a><\/li>\n\n\n\n<li> <a href=\"#chapter-6\">Dauer der Aufbewahrung von Personendaten<\/a><\/li>\n\n\n\n<li> <a href=\"#chapter-7\">Datensicherheit<\/a><\/li>\n\n\n\n<li> <a href=\"#chapter-8\">Pflicht zur Bereitstellung von Personendaten<\/a><\/li>\n\n\n\n<li> <a href=\"#chapter-9\">Rechte der betroffenen Person<\/a><\/li>\n\n\n\n<li> <a href=\"#chapter-10\">\u00c4nderungen<\/a><\/li>\n<\/ol>\n\n\n\n<h3 class=\"wp-block-heading\">1. Verantwortlicher \/ Datenschutzbeauftrager \/\n           Vertreter <\/h3>\n\n\n\n<p>Verantwortlich f\u00fcr die Datenbearbeitungen, die wir hier beschreiben, ist<br> <strong>sozial-psychiatrischen Spitex GmbH<\/strong><br> Steinentorstrasse 18<br> 4051 Basel<br> p.graeble@hin.ch<br> soweit im Einzelfall nichts anderes angegeben ist.\u00a0<\/p>\n\n\n\n<p>Wenn Sie Bedenken bez\u00fcglich des Datenschutzes haben, k\u00f6nnen Sie uns diese unter der oben genannten Adresse mitteilen (wenn m\u00f6glich, geben Sie bitte an, auf welche Bedenken Sie sich beziehen)<span id=\"chapter-2\">.<\/span>\n         <\/p>\n\n\n\n<h3 class=\"wp-block-heading\">2. Erhebung und Bearbeitung von Personendaten <\/h3>\n\n\n\n<p>Wir bearbeiten in\n            erster Linie die Personendaten, die wir im Rahmen unserer\n            Gesch\u00e4ftsbeziehung mit unseren Kunden und anderen Gesch\u00e4ftspartnern\n            von diesen und weiteren daran beteiligten Personen erhalten oder die\n            wir beim Betrieb unserer Websites, Apps und weiteren Anwendungen von\n            deren Nutzern erheben. \n         <\/p>\n\n\n\n<p>Soweit dies erlaubt ist, entnehmen wir auch \u00f6ffentlich zug\u00e4nglichen Quellen (z. B. Betreibungsregister, Grundb\u00fccher, Handelsregister, Presse, Internet)\n            von Beh\u00f6rden und sonstigen Dritten gewisse Daten.\n            Nebst den Daten von Ihnen,\n            die Sie uns direkt geben, umfassen die Kategorien von Personendaten,\n            die wir von Dritten \u00fcber Sie erhalten, insbesondere Angaben aus\n            \u00f6ffentlichen Registern, Angaben, die wir im Zusammenhang mit\n            beh\u00f6rdlichen erfahren, Angaben im\n            Zusammenhang mit ihren beruflichen Funktionen und Aktivit\u00e4ten (damit\n            wir z.B. mit Ihrer Hilfe Gesch\u00e4fte mit Ihrem Arbeitgeber\n            abschliessen und abwickeln k\u00f6nnen), Angaben \u00fcber Sie in\n            Korrespondenz und Besprechungen mit Dritten, Bonit\u00e4tsausk\u00fcnfte\n            (soweit wir mit Ihnen pers\u00f6nlich Gesch\u00e4fte abwickeln), Angaben \u00fcber\n            Sie, die uns Personen aus Ihrem Umfeld (Familie, Berater,\n            Rechtsvertreter, etc.) geben, damit wir Vertr\u00e4ge mit Ihnen oder\n            unter Einbezug von Ihnen abschliessen oder abwickeln k\u00f6nnen (z.B.\n            Referenzen, Ihre Adresse f\u00fcr Lieferungen, Vollmachten, Angaben zur\n            Einhaltung gesetzlicher Vorgaben, Angaben von Banken, Versicherungen,\n            Vertriebs- und anderen Vertragspartnern von uns zur Inanspruchnahme\n            oder Erbringung von Leistungen durch Sie (z.B. erfolgte Zahlungen,\n            erfolgte K\u00e4ufe)), Angaben aus Medien und Internet zu Ihrer Person\n            (soweit dies im konkreten Fall angezeigt ist, z.B. im Rahmen einer\n            Bewerbung, Presseschau, Marketing\/Verkauf, etc.), Ihre Adressen und\n            ggf. Interessen und weitere soziodemographische Daten (f\u00fcr\n            Marketing), Daten im Zusammenhang mit der Benutzung der Website (z.B.\n            IP-Adresse, MAC-Adresse des Smartphones oder Computers, Angaben zu\n            Ihrem Ger\u00e4t und Einstellungen, Cookies, Datum und Zeit des Besuchs,\n            abgerufene Seiten und Inhalte, benutzte Funktionen, verweisende\n            Website, Standortangaben)<span id=\"chapter-3\">.<\/span> \n         <\/p>\n\n\n\n<h3 class=\"wp-block-heading\">3. Zwecke der Datenbearbeitung und Rechtsgrundlagen \n         <\/h3>\n\n\n\n<p>Wir verwenden die von uns erhobenen Personendaten\n            in erster Linie, um unsere Vertr\u00e4ge mit unseren Kunden und\n            Gesch\u00e4ftspartnern abzuschliessen und abzuwickeln mit unseren Kunden und den\n            Einkauf von Produkten und Dienstleistungen von unseren Lieferanten\n            und Subunternehmern, sowie um unseren gesetzlichen Pflichten im In-\n            und Ausland nachzukommen. Wenn Sie f\u00fcr einen solchen Kunden oder\n            Gesch\u00e4ftspartner t\u00e4tig sind, k\u00f6nnen Sie in dieser Funktion mit\n            Ihren Personendaten nat\u00fcrlich ebenfalls davon betroffen sein.\n         <\/p>\n\n\n\n<p>Dar\u00fcber hinaus bearbeiten wir Personendaten von\n            Ihnen und weiteren Personen, soweit erlaubt und es uns als angezeigt\n            erscheint, auch f\u00fcr folgende Zwecke, an denen wir (und zuweilen auch\n            Dritte) ein dem Zweck entsprechendes berechtigtes Interesse haben: \n         <\/p>\n\n\n\n<ol class=\"wp-block-list\">\n<li>Kommunikation mit Dritten und Bearbeitung derer Anfragen (z.B. Bewerbungen,<br> Medienanfragen);<\/li>\n\n\n\n<li>Pr\u00fcfung und Optimierung von Verfahren zur Bedarfsanalyse zwecks direkter<br> Kundenansprache sowie Erhebung von Personendaten aus \u00f6ffentlich<br> zug\u00e4nglichen Quellen zwecks Kundenakquisition;<\/li>\n\n\n\n<li>Werbung und Marketing (einschliesslich Durchf\u00fchrung von Anl\u00e4ssen), soweit Sie<br> der Nutzung Ihrer Daten nicht widersprochen haben (wenn wir Ihnen<br> als bestehender Kunde von uns Werbung zukommen lassen, k\u00f6nnen Sie<br> dem jederzeit widersprechen, wir setzen Sie dann auf eine Sperrliste<br> gegen weitere Werbesendungen);<\/li>\n\n\n\n<li>Geltendmachung rechtlicher Anspr\u00fcche und Verteidigung in Zusammenhang mit<br> rechtlichen Streitigkeiten und beh\u00f6rdlichen Verfahren;<\/li>\n\n\n\n<li>Gew\u00e4hrleistungen unseres Betriebs, insbesondere der IT, unserer Websites, Apps und<br> weiteren Plattformen;<br><\/li>\n<\/ol>\n\n\n\n<p>Soweit Sie uns eine Einwilligung zur Bearbeitung\n            Ihrer Personaldaten f\u00fcr bestimmte Zwecke erteilt haben, bearbeiten wir Ihre Personendaten im Rahmen\n            und gest\u00fctzt auf diese Einwilligung, soweit wir keine andere\n            Rechtsgrundlage haben und wir eine solche ben\u00f6tigen. Eine erteilte\n            Einwilligung kann jederzeit widerrufen werden, was jedoch keine\n            Auswirkung auf bereits erfolgte Datenbearbeitungen hat<span id=\"chapter-4\">.<\/span> \n         <\/p>\n\n\n\n<h3 class=\"wp-block-heading\">4.Cookies \/ Tracking und andere Technologien im Zusammenhang mit der Nutzung unserer Website \n         <\/h3>\n\n\n\n<p><strong>Cookies:<\/strong> Wir setzen auf unserer Website Cookies ein. Cookies sind kleine Dateien, die auf Ihrem Endger\u00e4t abgelegt werden und die Ihr Browser speichert. Einige der von uns verwendeten Cookies werden automatisch gel\u00f6scht, wenn Sie unsere Website verlassen. Andere Cookies bleiben auf Ihrem Endger\u00e4t gespeichert, bis Sie diese l\u00f6schen oder bis sie ablaufen. Diese Cookies erm\u00f6glichen es, Ihren Browser beim n\u00e4chsten Besuch unserer Website wiederzuerkennen.\n        In Ihrem Browser k\u00f6nnen Sie einstellen, dass Sie \u00fcber das Setzen von Cookies vorab informiert werden und im Einzelfall entscheiden k\u00f6nnen, ob Sie die Annahme von Cookies f\u00fcr bestimmte F\u00e4lle oder generell ausschliessen, oder dass Cookies komplett verhindert werden. Dadurch kann die Funktionalit\u00e4t der Website eingeschr\u00e4nkt werden.<\/p>\n\n\n\n<p>Hilfestellung zur Cookieverwaltung g\u00e4ngiger Browser erhalten Sie hier:\n            <\/p>\n\n\n\n<ol class=\"wp-block-list\">\n<li><strong>Mozilla Firefox:<\/strong> <a href=\"https:\/\/support.mozilla.org\/de\/kb\/cookies-loeschen-daten-von-websites-entfernen\" target=\"_blank\"><\/a><a href=\"https:\/\/support.mozilla.org\/de\/kb\/cookies-loeschen-daten-von-websites-entfernen\" target=\"_blank\">https:\/\/support.mozilla.org\/de\/kb\/cookies-loeschen-daten-von-websites-entfernen<\/a><\/li>\n\n\n\n<li><strong>Microsoft Edge:<\/strong> <a href=\"https:\/\/support.microsoft.com\/de-de\/microsoft-edge\/cookies-in-microsoft-edge-l%C3%B6schen-63947406-40ac-c3b8-57b9-2a946a29ae09\" target=\"_blank\">https:\/\/support.microsoft.com\/de-de\/microsoft-edge\/cookies-in-microsoft-edge-l%C3%B6schen-63947406-40ac-c3b8-57b9-2a946a29ae09<\/a><\/li>\n\n\n\n<li> <strong>Google Chrome:<\/strong> <a href=\"https:\/\/support.google.com\/accounts\/answer\/61416?hl=de\" target=\"_blank\">https:\/\/support.google.com\/accounts\/answer\/61416?hl=de<\/a><\/li>\n\n\n\n<li><strong>Opera:<\/strong> <a href=\"http:\/\/www.opera.com\/de\/help\" target=\"_blank\">http:\/\/www.opera.com\/de\/help<\/a> <\/li>\n\n\n\n<li><strong>Safari:<\/strong> <a href=\"https:\/\/support.apple.com\/de-ch\/guide\/safari\/sfri11471\/mac\" target=\"_blank\">https:\/\/support.apple.com\/de-ch\/guide\/safari\/sfri11471\/mac<\/a><\/li>\n<\/ol>\n\n\n\n<h5 class=\"wp-block-heading\">4.1 Dienste von Dritten<\/h5>\n\n\n\n<p>Wir nutzen Dienste von spezialisierten Dritten, um unsere Aktivit\u00e4ten und T\u00e4tigkeiten dauerhaft, nutzerfreundlich, sicher und zuverl\u00e4ssig aus\u00fcben zu k\u00f6nnen. Mit solchen Diensten k\u00f6nnen wir unter anderem Funktionen und Inhalte in unsere Website einbetten.<\/p>\n\n\n\n<p>Bei einer solchen Einbettung erfassen die genutzten Dienste aus technisch zwingenden Gr\u00fcnden mindestens zeitweilig die Internet Protocol (IP)-Adressen der Nutzerinnen und Nutzer.<\/p>\n\n\n\n<p>F\u00fcr erforderliche sicherheitsrelevante, statistische und  technische Zwecke k\u00f6nnen Dritte, deren Dienste wir nutzen, Daten im  Zusammenhang mit unseren Aktivit\u00e4ten und T\u00e4tigkeiten aggregiert, anonymisiert  oder pseudonymisiert bearbeiten. Es handelt sich beispielsweise um Leistungs-  oder Nutzungsdaten, um den jeweiligen Dienst anbieten zu k\u00f6nnen.<\/p>\n\n\n\n<p>Wir nutzen insbesondere:<\/p>\n\n\n\n<ol class=\"wp-block-list\">\n<li><a href=\"https:\/\/about.google\/products\/\" target=\"_blank\">Dienste von Google<\/a>:&nbsp;Anbieterinnen: Google LLC (USA) \/ Google       Ireland Limited (Irland) f\u00fcr Nutzerinnen und Nutzer im Europ\u00e4ischen Wirtschaftsraum (EWR) und in der Schweiz; Allgemeine Angaben zum Datenschutz:&nbsp;<a href=\"https:\/\/safety.google\/intl\/de\/principles\/\" target=\"_blank\">\u00abGrunds\u00e4tze zu Datenschutz und Sicherheit\u00bb,       Datenschutzerkl\u00e4rung<\/a>,&nbsp;<a href=\"https:\/\/privacy.google.com\/intl\/de\/businesses\/compliance\/\" target=\"_blank\">\u00abGoogle ist der Einhaltung der anwendbaren       Datenschutzgesetze verpflichtet\u00bb<\/a>,&nbsp;<a href=\"https:\/\/policies.google.com\/technologies\/product-privacy?hl=de\" target=\"_blank\">\u00abLeitfaden zum Datenschutz in Google-Produkten\u00bb<\/a>,&nbsp;<a href=\"https:\/\/policies.google.com\/technologies\/partner-sites?hl=de\" target=\"_blank\">\u00abWie wir Daten von Websites oder Apps verwenden, auf bzw.       in denen unsere Dienste genutzt werden\u00bb (Angaben von Google)<\/a>,&nbsp;<a href=\"https:\/\/policies.google.com\/technologies\/cookies?hl=de\" target=\"_blank\">\u00abVon Google verwendete Cookie-Arten und sonstige       Technologien\u00bb<\/a>,&nbsp;<a href=\"https:\/\/adssettings.google.com\/\" target=\"_blank\">\u00abPersonalisierte Werbung\u00bb (Aktivierung \/ Deaktivierung \/       Einstellungen)<\/a>.<\/li>\n<\/ol>\n\n\n\n<h5 class=\"wp-block-heading\">4.2 Digitale Infrastruktur<\/h5>\n\n\n\n<p>Wir nutzen Dienste von spezialisierten Dritten, um ben\u00f6tigte digitale Infrastruktur im Zusammenhang mit unseren Aktivit\u00e4ten und T\u00e4tigkeiten in Anspruch nehmen zu k\u00f6nnen. Dazu z\u00e4hlen beispielsweise Hosting- und Speicherdienste von ausgew\u00e4hlten Anbietern.<\/p>\n\n\n\n<p>Wir nutzen insbesondere:<\/p>\n\n\n\n<ol class=\"wp-block-list\">\n<li><a href=\"https:\/\/wordpress.org\" target=\"_blank\" rel=\"noreferrer noopener\">WordPress.org:<\/a><strong style=\"color: initial;\"> <\/strong><\/li>\n\n\n\n<li><span style=\"color: initial;\">Zweck: Einbindung von WordPress Inhalten<\/span><\/li>\n\n\n\n<li>Datenschutzerkl\u00e4rung:&nbsp;<a href=\"https:\/\/de-ch.wordpress.org\/about\/privacy\">https:\/\/de-ch.wordpress.org\/about\/privacy<\/a><\/li>\n<\/ol>\n\n\n\n<h3 class=\"wp-block-heading\">5. Datenweitergabe und Daten\u00fcbermittlung ins Ausland<\/h3>\n\n\n\n<p>Wir geben im Rahmen unserer gesch\u00e4ftlichen\n            Aktivit\u00e4ten und der Zwecke gem\u00e4ss Ziff. 3,\n            soweit erlaubt und es uns als angezeigt erscheint, auch Dritten\n            bekannt, sei es, weil sie diese f\u00fcr uns bearbeiten, sei es, weil sie\n            sie f\u00fcr ihre eigenen Zwecke verwenden wollen. Dabei geht es\n            insbesondere um folgende Stellen:\n         <\/p>\n\n\n\n<ol class=\"wp-block-list\">\n<li>Dienstleister von uns (sowie extern, wie z.B. Banken, Versicherungen), einschliesslich Auftragsbearbeitern (wie z.B. IT-Provider); <span style=\"color: initial;\">     <\/span><\/li>\n\n\n\n<li>H\u00e4ndler, Lieferanten, Subunternehmer und sonstige Gesch\u00e4ftspartner;<\/li>\n\n\n\n<li>in- und ausl\u00e4ndische Beh\u00f6rden, Amtsstellen oder Gerichten;<\/li>\n\n\n\n<li>anderen Parteien in m\u00f6glichen oder tats\u00e4chlichen Rechtsverfahren;<\/li>\n<\/ol>\n\n\n\n<p>alle gemeinsam <b>Empf\u00e4nger<\/b>. \n         <\/p>\n\n\n\n<p>Diese Empf\u00e4nger sind teilweise im Inland, k\u00f6nnen\n            aber irgendwo auf der Erde sein. Sie m\u00fcssen insbesondere mit der\n\n            \u00dcbermittlung Ihrer Daten in alle L\u00e4nder rechnen, sowie in andere\n            L\u00e4nder Europas und den USA, wo sich die von uns benutzten\n            Dienstleister befinden (wie z.B. Microsoft). \n         <\/p>\n\n\n\n<p>Befindet sich ein Empf\u00e4nger in einem Land ohne angemessenen gesetzlichen Datenschutz, verpflichten wir den Empf\u00e4nger vertraglich zur Einhaltung des anwendbaren Datenschutzes (dazu verwenden wir die revidierten Standardvertragsklauseln der Europ\u00e4ischen Kommission, die hier: <a href=\"https:\/\/eur-lex.europa.eu\/eli\/dec_impl\/2021\/914\/oj?\">https:\/\/eur-lex.europa.eu\/eli\/dec_impl\/2021\/914\/oj?<\/a> abrufbar sind), soweit er nicht bereits einem gesetzlich anerkannten Regelwerk zur Sicherstellung des Datenschutzes unterliegt und wir uns nicht auf eine Ausnahmebestimmung st\u00fctzen k\u00f6nnen. Eine Ausnahme kann namentlich bei Rechtsverfahren im Ausland gelten, aber auch in F\u00e4llen \u00fcberwiegender \u00f6ffentlicher Interessen oder wenn eine Vertragsabwicklung eine solche Bekanntgabe erfordert, wenn Sie eingewilligt haben oder wenn es sich um von Ihnen allgemein zug\u00e4nglich gemachte Daten handelt, deren Bearbeitung Sie nicht widersprochen <span id=\"chapter-6\">haben.<\/span><\/p>\n\n\n\n<h3 class=\"wp-block-heading\">6. Dauer der Aufbewahrung von Personendaten <\/h3>\n\n\n\n<p>Wir verarbeiten und speichern Ihre Personendaten,\n            solange es f\u00fcr die Erf\u00fcllung unserer vertraglichen und gesetzlichen\n            Pflichten oder sonst die mit der Bearbeitung verfolgten Zwecke\n            erforderlich ist, d.h. also zum Beispiel f\u00fcr die Dauer der gesamten\n            Gesch\u00e4ftsbeziehung (von der Anbahnung, Abwicklung bis zur Beendigung\n            eines Vertrags) sowie dar\u00fcber hinaus gem\u00e4ss den gesetzlichen\n            Aufbewahrungs- und Dokumentationspflichten. Dabei ist es m\u00f6glich,\n            dass Personendaten f\u00fcr die Zeit aufbewahrt werden, in der Anspr\u00fcche\n            gegen unser Unternehmen geltend gemacht werden k\u00f6nnen und soweit wir\n            anderweitig gesetzlich dazu verpflichtet sind oder berechtigte\n            Gesch\u00e4ftsinteressen dies erfordern (z.B. f\u00fcr Beweis- und\n            Dokumentationszwecke). Sobald Ihre Personendaten f\u00fcr die oben\n            genannten Zwecke nicht mehr erforderlich sind, werden sie\n            grunds\u00e4tzlich und soweit m\u00f6glich gel\u00f6scht oder anonymisiert. F\u00fcr\n            betriebliche Daten (z.B. Systemprotokolle, Logs), gelten\n            grunds\u00e4tzliche k\u00fcrzere Aufbewahrungsfristen von zw\u00f6lf Monaten oder\n            weniger<span id=\"chapter-7\">.<\/span> \n         <\/p>\n\n\n\n<h3 class=\"wp-block-heading\">7. Datensicherheit <\/h3>\n\n\n\n<p>Wir treffen angemessene technische und\n            organisatorische Sicherheitsvorkehrungen zum Schutz Ihrer\n            Personendaten vor unberechtigtem Zugriff und Missbrauch wie etwa der\n            Schulungen, IT- und Netzwerksicherheitsl\u00f6sungen<span id=\"chapter-8\">.<\/span> \n         <\/p>\n\n\n\n<h3 class=\"wp-block-heading\">8. Pflicht zur Bereitstellung von Personendaten<\/h3>\n\n\n\n<p>Im Rahmen unserer Gesch\u00e4ftsbeziehung m\u00fcssen Sie\n            diejenigen Personendaten bereitstellen, die f\u00fcr die Aufnahme und\n            Durchf\u00fchrung einer Gesch\u00e4ftsbeziehung und der Erf\u00fcllung der damit\n            verbundenen vertraglichen Pflichten erforderlich sind (eine\n            gesetzliche Pflicht, uns Daten bereitzustellen, haben Sie in der\n            Regel nicht). Ohne diese Daten werden wir in der Regel nicht in der\n            Lage sein, einen Vertrag mit Ihnen (oder der Stelle oder Person, die\n            Sie vertreten) zu schliessen oder diesen abzuwickeln. Auch die\n            Website kann nicht genutzt werden, wenn gewisse Angaben zur\n            Sicherstellung des Datenverkehrs (wie z.B. IP-Adresse) nicht\n            offengelegt wird<span id=\"chapter-9\">.<\/span>\n         <\/p>\n\n\n\n<h3 class=\"wp-block-heading\">9. Rechte der betroffenen Person <\/h3>\n\n\n\n<p>Sie haben im Rahmen des auf Sie anwendbaren Datenschutzrechts und soweit darin vorgesehen (wie etwa im Falle der DSGVO) das Recht auf Auskunft, Berichtigung, L\u00f6schung, das Recht auf Einschr\u00e4nkung der Datenbearbeitung und sonst dem <b>Widerspruch gegen unsere Datenbearbeitungen, insbesondere jener f\u00fcr Zwecke des Direktmarketings, des f\u00fcr Direktwerbung betriebenen Profilings und weiterer berechtigter Interessen an der Bearbeitung<\/b> sowie auf Herausgabe gewisser Personendaten zwecks \u00dcbertragung an eine andere Stelle (sog. Datenportabilit\u00e4t). Bitte beachten Sie aber, dass wir uns vorbehalten, unsererseits die gesetzlich vorgesehenen Einschr\u00e4nkungen geltend zu machen, etwa wenn wir zur Aufbewahrung oder Bearbeitung gewisser Daten verpflichtet sind, daran ein \u00fcberwiegendes Interesse haben (soweit wir uns darauf berufen d\u00fcrfen) oder sie f\u00fcr die Geltendmachung von Anspr\u00fcchen ben\u00f6tigen. Falls f\u00fcr Sie Kosten anfallen, werden wir Sie vorab informieren. \u00dcber die M\u00f6glichkeit, Ihre Einwilligung zu widerrufen, haben wir bereits in Ziff.3 informiert. Beachten Sie, dass die Aus\u00fcbung dieser Rechte im Konflikt zu vertraglichen Abmachungen stehen kann und dies Folgen wie z.B. die vorzeitige Vertragsaufl\u00f6sung oder Kostenfolgen haben kann. Wir werden Sie diesfalls vorg\u00e4ngig informieren, wo dies nicht bereits vertraglich geregelt ist.<\/p>\n\n\n\n<p>Die Aus\u00fcbung solcher Rechte setzt in der Regel\n            voraus, dass Sie Ihre Identit\u00e4t eindeutig nachweisen (z.B. durch\n            eine Ausweiskopie, wo Ihre Identit\u00e4t sonst nicht klar ist bzw.\n            verifiziert werden kann). Zur Geltendmachung Ihrer\n            Rechte k\u00f6nnen Sie uns unter der in Ziffer 1\n            angegebenen Adresse kontaktieren.\n         <\/p>\n\n\n\n<p>Jede betroffene Person hat \u00fcberdies das Recht,\n            ihre Anspr\u00fcche gerichtlich durchzusetzen oder bei der zust\u00e4ndigen\n            Datenschutzbeh\u00f6rde eine Beschwerde einzureichen.  Die zust\u00e4ndige\n            Datenschutzbeh\u00f6rde der Schweiz ist der Eidgen\u00f6ssische Datenschutz-\n            und \u00d6ffentlichkeitsbeauftragte (http:\/\/www.edoeb.admin.ch)<span id=\"chapter-10\">.<\/span>\n         <\/p>\n\n\n\n<h3 class=\"wp-block-heading\">10. \u00c4nderungen <\/h3>\n\n\n\n<p>Wir k\u00f6nnen diese Datenschutzerkl\u00e4rung jederzeit\n            ohne Vorank\u00fcndigung anpassen. Es gilt die jeweils aktuelle, auf\n            unserer Website publizierte Fassung. Soweit die Datenschutzerkl\u00e4rung\n            Teil einer Vereinbarung mit Ihnen ist, werden wir Sie im Falle einer\n            Aktualisierung \u00fcber die \u00c4nderung per E-Mail oder auf andere\n            geeignete Weise informieren. \n         <\/p>\n\n\n\n<p class=\"has-text-align-center western\"><span style=\"letter-spacing: 7.0pt\">*****<\/span><\/p>\n\n\n\n<p><\/p>\n","protected":false},"excerpt":{"rendered":"<p>Version vom 25.03.2025 In dieser Datenschutzerkl\u00e4rung erl\u00e4utern wir, die sozial-psychiatrischen Spitex GmbH (nachfolgend, wir oder uns), wie wir Personendaten erheben und sonst bearbeiten. Das ist keine abschliessende Beschreibung; allenfalls regeln andere Datenschutzerkl\u00e4rungen [oder allgemeine Gesch\u00e4ftsbedingungen, Teilnahmebedingungen und \u00e4hnliche Dokumente] spezifische Sachverhalte. Unter Personendaten werden alle Angaben verstanden, die sich auf eine bestimmte oder bestimmbare Person [&hellip;]<\/p>\n","protected":false},"author":1,"featured_media":0,"parent":0,"menu_order":0,"comment_status":"closed","ping_status":"closed","template":"page-impressum.php","meta":{"footnotes":""},"class_list":["post-273","page","type-page","status-publish","hentry"],"_links":{"self":[{"href":"https:\/\/sozial-psychiatrische-spitex.ch\/index.php?rest_route=\/wp\/v2\/pages\/273","targetHints":{"allow":["GET"]}}],"collection":[{"href":"https:\/\/sozial-psychiatrische-spitex.ch\/index.php?rest_route=\/wp\/v2\/pages"}],"about":[{"href":"https:\/\/sozial-psychiatrische-spitex.ch\/index.php?rest_route=\/wp\/v2\/types\/page"}],"author":[{"embeddable":true,"href":"https:\/\/sozial-psychiatrische-spitex.ch\/index.php?rest_route=\/wp\/v2\/users\/1"}],"replies":[{"embeddable":true,"href":"https:\/\/sozial-psychiatrische-spitex.ch\/index.php?rest_route=%2Fwp%2Fv2%2Fcomments&post=273"}],"version-history":[{"count":31,"href":"https:\/\/sozial-psychiatrische-spitex.ch\/index.php?rest_route=\/wp\/v2\/pages\/273\/revisions"}],"predecessor-version":[{"id":431,"href":"https:\/\/sozial-psychiatrische-spitex.ch\/index.php?rest_route=\/wp\/v2\/pages\/273\/revisions\/431"}],"wp:attachment":[{"href":"https:\/\/sozial-psychiatrische-spitex.ch\/index.php?rest_route=%2Fwp%2Fv2%2Fmedia&parent=273"}],"curies":[{"name":"wp","href":"https:\/\/api.w.org\/{rel}","templated":true}]}}